{"id":2690,"date":"2026-03-11T22:06:26","date_gmt":"2026-03-11T20:06:26","guid":{"rendered":"https:\/\/rajatlapinkaivoksille.fi\/?page_id=2690"},"modified":"2026-08-28T12:21:49","modified_gmt":"2026-08-28T09:21:49","slug":"maamme-rikkaudet-2026-alustava-ohjelma","status":"publish","type":"page","link":"https:\/\/rajatlapinkaivoksille.fi\/index.php\/maamme-rikkaudet-2026-alustava-ohjelma\/","title":{"rendered":"MAAMME RIKKAUDET 2026"},"content":{"rendered":"<p>&nbsp;<\/p>\n<p><img fetchpriority=\"high\" decoding=\"async\" class=\"alignnone size-large wp-image-2854 aligncenter\" src=\"https:\/\/rajatlapinkaivoksille.fi\/wp-content\/uploads\/2026\/08\/MAAMME-RIKKAUDET-JULISTE-UUSI-724x1024.jpg\" alt=\"\" width=\"724\" height=\"1024\" srcset=\"https:\/\/rajatlapinkaivoksille.fi\/wp-content\/uploads\/2026\/08\/MAAMME-RIKKAUDET-JULISTE-UUSI-724x1024.jpg 724w, https:\/\/rajatlapinkaivoksille.fi\/wp-content\/uploads\/2026\/08\/MAAMME-RIKKAUDET-JULISTE-UUSI-212x300.jpg 212w, https:\/\/rajatlapinkaivoksille.fi\/wp-content\/uploads\/2026\/08\/MAAMME-RIKKAUDET-JULISTE-UUSI-768x1086.jpg 768w, https:\/\/rajatlapinkaivoksille.fi\/wp-content\/uploads\/2026\/08\/MAAMME-RIKKAUDET-JULISTE-UUSI-1086x1536.jpg 1086w, https:\/\/rajatlapinkaivoksille.fi\/wp-content\/uploads\/2026\/08\/MAAMME-RIKKAUDET-JULISTE-UUSI.jpg 1414w\" sizes=\"(max-width: 724px) 100vw, 724px\" \/><\/p>\n<p><span style=\"font-size: 20px;\"><strong>MAAMME RIKKAUDET 2026 (alustava ohjelma, muutokset mahdollisia)\u00a0<\/strong><\/span><\/p>\n<p><strong>KAIVOSTOIMINTA LAPIN VESIST\u00d6JEN UHKANA<\/strong><\/p>\n<p><strong>18.\u201319.9.2026 Kemi, Kemin kulttuurikeskus, Marina Takalon katu 3<\/strong><\/p>\n<p><strong>Voivatko kaivokset ja puhtaat vedet el\u00e4\u00e4 rinnakkain? Tervetuloa syventym\u00e4\u00e4n faktoihin ja keskustelemaan kaivostoiminnan ja Lapin vesist\u00f6jen tulevaisuudesta.<\/strong><\/p>\n<p><strong>OHJELMA PERJANTAINA 18.9.<\/strong><\/p>\n<p><strong>10.00\u00a0 Tilaisuuden avaus<\/strong><br \/>\n<em>Vesa Puuronen, Rajat Lapin kaivoksille ry:n puheenjohtaja<\/em><\/p>\n<p><b>10.15 Terveisi\u00e4 Brysselist\u00e4<\/b><\/p>\n<p>Europarlamentaarikko Sirpa Pietik\u00e4inen<\/p>\n<p><strong>10.20\u00a0 Kemin kaupungin tervehdys<\/strong><\/p>\n<p>Kaupungin edustaja, ilmoitetaan my\u00f6hemmin<\/p>\n<p><strong>10.25 <\/strong><strong>Kemin kaivos t\u00e4n\u00e4\u00e4n<\/strong><\/p>\n<p>Kaivoksen johtaja Henri Simpanen<\/p>\n<p><strong>11.00 Kaivosten p\u00e4\u00e4st\u00f6t vesist\u00f6ihin<br \/>\n<\/strong>DI, teollisuuden j\u00e4tevesien puhdistuksen asiantuntija Leif Ramm-Schmidt<\/p>\n<p><strong>12.00 | Lounas (omakustannus)<\/strong><\/p>\n<p><strong>13.00 Kaivosten vuotavat rakenteet<\/strong><br \/>\n<em>DI, tiivisrakentamisen asiantuntija Peter Brandt.<\/em><\/p>\n<p><strong>13.45<\/strong><strong>\u00a0Kahvitauko<\/strong><\/p>\n<p><strong>14.00\u00a0 Radioaktiivisten aineiden vaikutus ihmiseen ja vesieli\u00f6ihin<\/strong><br \/>\n<em>S\u00e4teilyturva-asiantuntija, automaatioinsin\u00f6\u00f6ri Eero Huhtalo.<\/em><\/p>\n<p><strong>14.30 Kaivostoiminta ja ymp\u00e4rist\u00f6nsuojelu Pohjois-Ruotsissa<\/strong><\/p>\n<p>Bj\u00f6rn Lundquist, Ruotsin luonnonsuojeluliiton Norrbottenin piiri<\/p>\n<p><strong>15.30 Animaatio kaivosten yhteisvaikutuksista<\/strong><\/p>\n<p><strong>15.35 Putki-dokumentin traileri<\/strong><\/p>\n<p><strong>\u00a0\u00a0\u00a0\u00a0\u00a0\u00a0\u00a0\u00a0\u00a0 <\/strong>Ohjaaja Saila Huusko esittelee valmistelemansa dokumentin trailerin<\/p>\n<p><strong>15.45<\/strong> <strong>Ty\u00f6paja: Suljetut kaivokset ylisukupolvisena ongelmana<\/strong><\/p>\n<p>Hannu Hyv\u00f6nen, dokumentaristi-aktivisti, Antti Lankinen, kaivosasiantuntija-aktivisti ja Marjo-Riitta Alhainen, aktivisti<\/p>\n<p>Talvivaara example dokumentti (10 min). Keskustelua elokuvan teemasta ja kannanotosta &#8221;Vesi on el\u00e4m\u00e4.&#8221;<\/p>\n<p><strong>17.00 P\u00e4iv\u00e4ohjelma\u00a0 loppuu<\/strong><\/p>\n<p><strong>1900 Iltaohjelma<\/strong><\/p>\n<p><strong>Sataman Krouwi, Rantabulevardi 10<\/strong><\/p>\n<ul>\n<li><strong>monologi \u201dJokihullu\u201d<\/strong><\/li>\n<li><strong>musiikkia, puheita, runoutta<\/strong><\/li>\n<li><strong>mahdollisuus ruokailuun (omakustannus)<\/strong><\/li>\n<\/ul>\n<p><strong>OHJELMA LAUANTAINA 19.9.<\/strong><\/p>\n<p><strong>\u00a0<\/strong><strong>10.00 P\u00e4iv\u00e4n avaus <\/strong><\/p>\n<p><em>Miisa Mink, Saimaa ilman kaivoksia, puheenjohtaja<\/em><\/p>\n<p><strong>10.15 Kaivosten lyhyt- ja pitk\u00e4aikaiset vesist\u00f6vaikutukset<\/strong><\/p>\n<p><em>Jari Natunen, ymp\u00e4rist\u00f6biokemisti, FT, Kansalaisten kaivosvaltuuskunta &#8211; Mining Watch Finland<\/em><\/p>\n<p><strong>11.00 Paneelikeskustelu: Onko kest\u00e4v\u00e4 kaivostoiminta Lapissa mahdollista?<\/strong><br \/>\n<em>Keskustelemassa DI Peter Brandt, DI Leif Ramm-Schmidt sek\u00e4 paikallisia elinkeinonharjoittajia (matkailu, porotalous), Pertti Lamberg, AA Sakatti Mining oy, toimitusjohtaja,\u00a0 Urpo Taskinen, Nunasvaaran kaivosliike<\/em><\/p>\n<p><strong>12.00 | Lounas (omakustannus)<\/strong><\/p>\n<p><strong>13.00\u00a0 Paikallisia n\u00e4k\u00f6kulmia kaivoshankkeisiin<\/strong><\/p>\n<p><strong>Pulju-projekti Ounasjoen uhkana<\/strong><\/p>\n<p>Helena Ruotsala, Me\u00e4n kaira ry<\/p>\n<p><strong>Kaivostoiminta Ounasjoen kalatalousalueen n\u00e4k\u00f6kulmasta<\/strong><\/p>\n<p>Jarmo Huhtala, Ounasjoen kalatalousalue<\/p>\n<p><strong>Tornionjoki uhattuna &#8211; <\/strong><strong>Nunasvaaran grafiittikaivoshanke Torniojoen varrella<\/strong><\/p>\n<p>Urpo Taskinen, Vittanki, Nunasvaara-ryhm\u00e4<\/p>\n<p><strong>14.00 | Kahvitauko<\/strong><\/p>\n<p><strong>14.15\u00a0<\/strong><strong>Kuusamon kaivoshankkeiden ja Oulangan kansallispuiston tulevaisuus. <\/strong><\/p>\n<p><em>Mika Fl\u00f6jt, Kitkan viisaat, puheenjohtaja-<\/em><\/p>\n<p><strong>Mit\u00e4 j\u00e4\u00e4 j\u00e4ljelle? <\/strong><\/p>\n<p><em>Roosa-Maria Nuorgam, Poro- ja matkailuelinkeinojen edustaja Savukoskelta<\/em><\/p>\n<p><strong>14.45 Milt\u00e4 n\u00e4ytt\u00e4\u00e4 kaivosten ymp\u00e4rist\u00f6vastuu ja osallistaminen?<\/strong><\/p>\n<p><em>Sisli Piisil\u00e4, Suomen Luonnonsuojeluliitton Lapin piiri, toiminnanjohtaja<\/em><\/p>\n<p><strong>15.15<\/strong>\u00a0<strong>Kaivosyhti\u00f6iden sankaritarinat\u00a0\u00a0\u00a0\u00a0\u00a0\u00a0\u00a0\u00a0\u00a0\u00a0\u00a0\u00a0\u00a0\u00a0\u00a0\u00a0\u00a0 <\/strong><\/p>\n<p><em>Eeva Gobaul ja Sirpa Kaikkonen, Rajat Lapin kaivoksille<br \/>\n<\/em><\/p>\n<p><em><strong>15.45<\/strong> <\/em><strong>P\u00e4\u00e4t\u00f6ssanat ja katse tulevaisuuteen<\/strong><\/p>\n<p><em>Miisa Mink, Saimaa ilman kaivoksia, puheenjohtaja, Sisli Piisil\u00e4, SLL Lapin piirin toiminnajohtaja, Saara Laivamaa, SLL;n Lapin piirin puheenjohtaja.<\/em><\/p>\n<p><strong>J\u00e4rjest\u00e4j\u00e4t:<\/strong>\u00a0<strong>Me\u00e4n kaira ry, Rajat Lapin kaivoksille ry ja Saimaa ilman kaivoksia ry.<\/strong><\/p>\n<p><strong>Yhteisty\u00f6kumppanina <\/strong><strong>Suomen Luonnonsuojeluliiton Lapin Piirij\u00e4rjest\u00f6.<br \/>\n<\/strong><\/p>\n<p style=\"text-align: center;\"><span style=\"font-size: 18px;\"><em>Tilaisuuteen on vapaa p\u00e4\u00e4sy. Tervetuloa<\/em><\/span><\/p>\n<p style=\"text-align: center;\"><em>\u00a0<\/em><em><span style=\"font-size: 26px;\">Puhdas vesi on perint\u00f6, jota ei pid\u00e4 vaarantaa.<\/span><\/em><\/p>\n<p style=\"text-align: center;\"><strong><span style=\"font-size: 20px;\">TUE TAPAHTUMAN J\u00c4RJEST\u00c4MIST\u00c4:<\/span><\/strong><\/p>\n<p><img decoding=\"async\" class=\" wp-image-2819 aligncenter\" src=\"https:\/\/rajatlapinkaivoksille.fi\/wp-content\/uploads\/2026\/04\/Mobilepay-qrkuva-1024x766.jpg\" alt=\"\" width=\"425\" height=\"318\" srcset=\"https:\/\/rajatlapinkaivoksille.fi\/wp-content\/uploads\/2026\/04\/Mobilepay-qrkuva-1024x766.jpg 1024w, https:\/\/rajatlapinkaivoksille.fi\/wp-content\/uploads\/2026\/04\/Mobilepay-qrkuva-300x224.jpg 300w, https:\/\/rajatlapinkaivoksille.fi\/wp-content\/uploads\/2026\/04\/Mobilepay-qrkuva-768x574.jpg 768w, https:\/\/rajatlapinkaivoksille.fi\/wp-content\/uploads\/2026\/04\/Mobilepay-qrkuva.jpg 1149w\" sizes=\"(max-width: 425px) 100vw, 425px\" \/><img decoding=\"async\" class=\" wp-image-2818 aligncenter\" src=\"https:\/\/rajatlapinkaivoksille.fi\/wp-content\/uploads\/2026\/04\/mobilepay-QR-koodi-nro-1024x579.jpg\" alt=\"\" width=\"377\" height=\"213\" srcset=\"https:\/\/rajatlapinkaivoksille.fi\/wp-content\/uploads\/2026\/04\/mobilepay-QR-koodi-nro-1024x579.jpg 1024w, https:\/\/rajatlapinkaivoksille.fi\/wp-content\/uploads\/2026\/04\/mobilepay-QR-koodi-nro-300x170.jpg 300w, https:\/\/rajatlapinkaivoksille.fi\/wp-content\/uploads\/2026\/04\/mobilepay-QR-koodi-nro-768x434.jpg 768w, https:\/\/rajatlapinkaivoksille.fi\/wp-content\/uploads\/2026\/04\/mobilepay-QR-koodi-nro.jpg 1393w\" sizes=\"(max-width: 377px) 100vw, 377px\" \/><\/p>\n","protected":false},"excerpt":{"rendered":"<p>&nbsp; MAAMME RIKKAUDET 2026 (alustava ohjelma, muutokset mahdollisia)\u00a0 KAIVOSTOIMINTA LAPIN VESIST\u00d6JEN UHKANA 18.\u201319.9.2026 Kemi, Kemin kulttuurikeskus, Marina Takalon katu 3 Voivatko kaivokset ja puhtaat vedet el\u00e4\u00e4 rinnakkain? Tervetuloa syventym\u00e4\u00e4n faktoihin ja keskustelemaan kaivostoiminnan ja Lapin vesist\u00f6jen tulevaisuudesta. OHJELMA PERJANTAINA 18.9. 10.00\u00a0 Tilaisuuden avaus Vesa Puuronen, Rajat Lapin kaivoksille ry:n puheenjohtaja 10.15 Terveisi\u00e4 Brysselist\u00e4 Europarlamentaarikko Sirpa [&hellip;]<\/p>\n","protected":false},"author":7,"featured_media":0,"parent":0,"menu_order":0,"comment_status":"closed","ping_status":"closed","template":"","meta":{"footnotes":""},"class_list":["post-2690","page","type-page","status-publish","hentry"],"_links":{"self":[{"href":"https:\/\/rajatlapinkaivoksille.fi\/index.php\/wp-json\/wp\/v2\/pages\/2690","targetHints":{"allow":["GET"]}}],"collection":[{"href":"https:\/\/rajatlapinkaivoksille.fi\/index.php\/wp-json\/wp\/v2\/pages"}],"about":[{"href":"https:\/\/rajatlapinkaivoksille.fi\/index.php\/wp-json\/wp\/v2\/types\/page"}],"author":[{"embeddable":true,"href":"https:\/\/rajatlapinkaivoksille.fi\/index.php\/wp-json\/wp\/v2\/users\/7"}],"replies":[{"embeddable":true,"href":"https:\/\/rajatlapinkaivoksille.fi\/index.php\/wp-json\/wp\/v2\/comments?post=2690"}],"version-history":[{"count":24,"href":"https:\/\/rajatlapinkaivoksille.fi\/index.php\/wp-json\/wp\/v2\/pages\/2690\/revisions"}],"predecessor-version":[{"id":2861,"href":"https:\/\/rajatlapinkaivoksille.fi\/index.php\/wp-json\/wp\/v2\/pages\/2690\/revisions\/2861"}],"wp:attachment":[{"href":"https:\/\/rajatlapinkaivoksille.fi\/index.php\/wp-json\/wp\/v2\/media?parent=2690"}],"curies":[{"name":"wp","href":"https:\/\/api.w.org\/{rel}","templated":true}]}}